{"id":766,"date":"2023-02-04T11:48:45","date_gmt":"2023-02-04T10:48:45","guid":{"rendered":"https:\/\/host-146-soul.hostname.at\/?page_id=766"},"modified":"2025-07-20T09:37:04","modified_gmt":"2025-07-20T07:37:04","slug":"imprimer","status":"publish","type":"page","link":"http:\/\/www.pensionschierl.at\/fr\/impressum\/","title":{"rendered":"Imprimer"},"content":{"rendered":"<div data-elementor-type=\"wp-page\" data-elementor-id=\"766\" class=\"elementor elementor-766\" data-elementor-post-type=\"page\">\n\t\t\t\t\t\t<section class=\"elementor-section elementor-top-section elementor-element elementor-element-f85132c elementor-section-boxed elementor-section-height-default elementor-section-height-default\" data-id=\"f85132c\" data-element_type=\"section\" data-e-type=\"section\">\n\t\t\t\t\t\t<div class=\"elementor-container elementor-column-gap-default\">\n\t\t\t\t\t<div class=\"elementor-column elementor-col-100 elementor-top-column elementor-element elementor-element-35fd6de\" data-id=\"35fd6de\" data-element_type=\"column\" data-e-type=\"column\">\n\t\t\t<div class=\"elementor-widget-wrap elementor-element-populated\">\n\t\t\t\t\t\t<div class=\"elementor-element elementor-element-5b7bec7 elementor-widget elementor-widget-heading\" data-id=\"5b7bec7\" data-element_type=\"widget\" data-e-type=\"widget\" data-widget_type=\"heading.default\">\n\t\t\t\t<div class=\"elementor-widget-container\">\n\t\t\t\t\t<h1 class=\"elementor-heading-title elementor-size-default\">Imprimer<\/h1>\t\t\t\t<\/div>\n\t\t\t\t<\/div>\n\t\t\t\t\t<\/div>\n\t\t<\/div>\n\t\t\t\t\t<\/div>\n\t\t<\/section>\n\t\t\t\t<section class=\"elementor-section elementor-top-section elementor-element elementor-element-8a8fcb7 elementor-section-stretched elementor-section-boxed elementor-section-height-default elementor-section-height-default\" data-id=\"8a8fcb7\" data-element_type=\"section\" data-e-type=\"section\" data-settings=\"{&quot;stretch_section&quot;:&quot;section-stretched&quot;}\">\n\t\t\t\t\t\t<div class=\"elementor-container elementor-column-gap-default\">\n\t\t\t\t\t<div class=\"elementor-column elementor-col-50 elementor-top-column elementor-element elementor-element-735e0b0\" data-id=\"735e0b0\" data-element_type=\"column\" data-e-type=\"column\">\n\t\t\t<div class=\"elementor-widget-wrap elementor-element-populated\">\n\t\t\t\t\t\t<div class=\"elementor-element elementor-element-8d1bac3 elementor-widget elementor-widget-text-editor\" data-id=\"8d1bac3\" data-element_type=\"widget\" data-e-type=\"widget\" data-widget_type=\"text-editor.default\">\n\t\t\t\t<div class=\"elementor-widget-container\">\n\t\t\t\t\t\t\t\t\t<h3>Responsable du contenu<\/h3><p><strong>Famille Robert et Nicole Winkler<br \/><\/strong>Dorfstra\u00dfe 3<br \/>5324 Faistenau<br \/>Salzbourg \u2013 Autriche<br \/>T\u00e9l\u00e9phone : +43 (0) \/ 6228 \u2013 2224<br \/>Fax : +43 (0) \/ 6228 \u2013 2224 3<\/p><p>N\u00b0 de TVA ATU48448103<\/p><p><a href=\"mailto:info@pensionschierl.at\">info@pensionschierl.at<\/a><br \/><a href=\"http:\/\/www.pensionschierl.at\/fr\/\">www.pensionschierl.at<\/a><\/p><p>Conception, design, programmation, r\u00e9alisation<br \/><a href=\"https:\/\/www.publicimage.at\" target=\"_blank\" rel=\"noopener\">www.publicimage.at<\/a><\/p>\t\t\t\t\t\t\t\t<\/div>\n\t\t\t\t<\/div>\n\t\t\t\t\t<\/div>\n\t\t<\/div>\n\t\t\t\t<div class=\"elementor-column elementor-col-50 elementor-top-column elementor-element elementor-element-0d911d0\" data-id=\"0d911d0\" data-element_type=\"column\" data-e-type=\"column\">\n\t\t\t<div class=\"elementor-widget-wrap elementor-element-populated\">\n\t\t\t\t\t\t<div class=\"elementor-element elementor-element-5180394 elementor-widget elementor-widget-text-editor\" data-id=\"5180394\" data-element_type=\"widget\" data-e-type=\"widget\" data-widget_type=\"text-editor.default\">\n\t\t\t\t<div class=\"elementor-widget-container\">\n\t\t\t\t\t\t\t\t\t<h3>Informations conform\u00e9ment \u00e0 l&#039;article 5, paragraphe 1 de l&#039;ECG<\/h3><p>Nom de l&#039;entreprise : Schierl Nicole<br \/>Nom de l&#039;entreprise (auto-s\u00e9lectionn\u00e9) : Caf\u00e9-Pension Schierl<br \/>Autorit\u00e9 selon l&#039;ECG (loi sur le commerce \u00e9lectronique)\u00a0: autorit\u00e9 du district de Salzbourg-Umgebung<br \/>Autorit\u00e9 de contr\u00f4le suppl\u00e9mentaire (selon l&#039;ECG) : aucune<br \/>Membre de la Chambre de Commerce : Salzbourg<\/p><h3>Droits d&#039;auteur\u00a0:<\/h3><ul><li>Association touristique de la r\u00e9gion Fuschlsee, Michael-Groessinger<\/li><li>TVB Attersee-Attergau, Moritz Ablinger<\/li><li>Salzkammergut Tourismus Marketing GmbH, Katrin Kerschbaumer, Chris Perkles<\/li><li>Salzburger Land Tourismus Gesellschaft mbH<\/li><li>Soci\u00e9t\u00e9 de tourisme de Wolfgangsee<\/li><li>Pension Schierl<\/li><\/ul>\t\t\t\t\t\t\t\t<\/div>\n\t\t\t\t<\/div>\n\t\t\t\t\t<\/div>\n\t\t<\/div>\n\t\t\t\t\t<\/div>\n\t\t<\/section>\n\t\t\t\t<section class=\"elementor-section elementor-top-section elementor-element elementor-element-f575ed5 elementor-section-boxed elementor-section-height-default elementor-section-height-default\" data-id=\"f575ed5\" data-element_type=\"section\" data-e-type=\"section\">\n\t\t\t\t\t\t<div class=\"elementor-container elementor-column-gap-default\">\n\t\t\t\t\t<div class=\"elementor-column elementor-col-100 elementor-top-column elementor-element elementor-element-410ee6b\" data-id=\"410ee6b\" data-element_type=\"column\" data-e-type=\"column\">\n\t\t\t<div class=\"elementor-widget-wrap elementor-element-populated\">\n\t\t\t\t\t\t<div class=\"elementor-element elementor-element-fdcf765 elementor-widget elementor-widget-text-editor\" data-id=\"fdcf765\" data-element_type=\"widget\" data-e-type=\"widget\" data-widget_type=\"text-editor.default\">\n\t\t\t\t<div class=\"elementor-widget-container\">\n\t\t\t\t\t\t\t\t\t<h3>Mention l\u00e9gale:<\/h3><p>Compte tenu des caract\u00e9ristiques techniques d&#039;Internet, aucune garantie ne peut \u00eatre donn\u00e9e quant \u00e0 l&#039;authenticit\u00e9, l&#039;exactitude et l&#039;exhaustivit\u00e9 des informations fournies sur Internet. Aucune garantie n&#039;est donn\u00e9e quant \u00e0 la disponibilit\u00e9 ou au fonctionnement de ce site Web et de son contenu. Toute responsabilit\u00e9 pour les dommages directs, indirects ou autres, quelle qu&#039;en soit la cause, r\u00e9sultant de l&#039;utilisation ou de l&#039;indisponibilit\u00e9 des donn\u00e9es et informations de ce site Web est exclue dans la mesure o\u00f9 la loi le permet. Notre offre contient des liens vers des sites Web externes de tiers sur le contenu desquels nous n&#039;avons aucune influence. Par cons\u00e9quent, nous ne pouvons assumer aucune responsabilit\u00e9 pour ce contenu externe. Le fournisseur ou l&#039;exploitant respectif des pages est toujours responsable du contenu des pages li\u00e9es. Les pages li\u00e9es ont \u00e9t\u00e9 v\u00e9rifi\u00e9es au moment de la cr\u00e9ation du lien afin de d\u00e9tecter d&#039;\u00e9ventuelles violations de la loi. Le contenu ill\u00e9gal n&#039;\u00e9tait pas reconnaissable au moment de la cr\u00e9ation du lien.<\/p><p>Tout le contenu de ce site Web est prot\u00e9g\u00e9 par le droit d&#039;auteur.<\/p>\t\t\t\t\t\t\t\t<\/div>\n\t\t\t\t<\/div>\n\t\t\t\t\t<\/div>\n\t\t<\/div>\n\t\t\t\t\t<\/div>\n\t\t<\/section>\n\t\t\t\t<\/div>","protected":false},"excerpt":{"rendered":"<p>Impressum Verantwortlich f\u00fcr den Inhalt Familie Robert und Nicole WinklerDorfstrasse 35324 FaistenauSalzburg \u2013 \u00d6sterreichTel.: +43 (0) \/ 6228 \u2013 2224Fax: +43 (0) \/ 6228 \u2013 2224 3 UID-Nr. ATU48448103 info@pensionschierl.atwww.pensionschierl.at Konzeption, Design, Programmierung, Umsetzungwww.publicimage.at Information gem\u00e4\u00df \u00a7 5 Abs. 1 ECG Firmenname: Schierl NicoleUnternehmensbezeichnung (selbst gew\u00e4hlt): Cafe-Pension SchierlBeh\u00f6rde gem. ECG (E-Commerce Gesetz): Bezirkshauptmannschaft Salzburg-UmgebungWeitere Aufsichtsbeh\u00f6rde [&hellip;]<\/p>\n","protected":false},"author":1,"featured_media":0,"parent":0,"menu_order":0,"comment_status":"closed","ping_status":"closed","template":"","meta":{"site-sidebar-layout":"no-sidebar","site-content-layout":"page-builder","ast-site-content-layout":"default","site-content-style":"default","site-sidebar-style":"default","ast-global-header-display":"","ast-banner-title-visibility":"","ast-main-header-display":"","ast-hfb-above-header-display":"","ast-hfb-below-header-display":"","ast-hfb-mobile-header-display":"","site-post-title":"disabled","ast-breadcrumbs-content":"","ast-featured-img":"disabled","footer-sml-layout":"","ast-disable-related-posts":"","theme-transparent-header-meta":"default","adv-header-id-meta":"","stick-header-meta":"","header-above-stick-meta":"","header-main-stick-meta":"","header-below-stick-meta":"","astra-migrate-meta-layouts":"default","ast-page-background-enabled":"default","ast-page-background-meta":{"desktop":{"background-color":"var(--ast-global-color-4)","background-image":"","background-repeat":"repeat","background-position":"center center","background-size":"auto","background-attachment":"scroll","background-type":"","background-media":"","overlay-type":"","overlay-color":"","overlay-opacity":"","overlay-gradient":""},"tablet":{"background-color":"","background-image":"","background-repeat":"repeat","background-position":"center center","background-size":"auto","background-attachment":"scroll","background-type":"","background-media":"","overlay-type":"","overlay-color":"","overlay-opacity":"","overlay-gradient":""},"mobile":{"background-color":"","background-image":"","background-repeat":"repeat","background-position":"center center","background-size":"auto","background-attachment":"scroll","background-type":"","background-media":"","overlay-type":"","overlay-color":"","overlay-opacity":"","overlay-gradient":""}},"ast-content-background-meta":{"desktop":{"background-color":"var(--ast-global-color-5)","background-image":"","background-repeat":"repeat","background-position":"center center","background-size":"auto","background-attachment":"scroll","background-type":"","background-media":"","overlay-type":"","overlay-color":"","overlay-opacity":"","overlay-gradient":""},"tablet":{"background-color":"var(--ast-global-color-5)","background-image":"","background-repeat":"repeat","background-position":"center center","background-size":"auto","background-attachment":"scroll","background-type":"","background-media":"","overlay-type":"","overlay-color":"","overlay-opacity":"","overlay-gradient":""},"mobile":{"background-color":"var(--ast-global-color-5)","background-image":"","background-repeat":"repeat","background-position":"center center","background-size":"auto","background-attachment":"scroll","background-type":"","background-media":"","overlay-type":"","overlay-color":"","overlay-opacity":"","overlay-gradient":""}},"footnotes":""},"class_list":["post-766","page","type-page","status-publish","hentry"],"yoast_head":"<!-- This site is optimized with the Yoast SEO plugin v27.4 - https:\/\/yoast.com\/product\/yoast-seo-wordpress\/ -->\n<title>Impressum - Pension Schierl im Salzkammergut<\/title>\n<meta name=\"description\" content=\"Impressum der Pension Schierl im Salzkammergut in Faistenau mit insgesamt 35 Betten. Alle Zimmer mit modernen Duschen WC\u2019s Balkon und Flat-TV\" \/>\n<meta name=\"robots\" content=\"index, follow, max-snippet:-1, max-image-preview:large, max-video-preview:-1\" \/>\n<link rel=\"canonical\" href=\"https:\/\/www.pensionschierl.at\/fr\/imprimer\/\" \/>\n<meta property=\"og:locale\" content=\"fr_FR\" \/>\n<meta property=\"og:type\" content=\"article\" \/>\n<meta property=\"og:title\" content=\"Impressum - Pension Schierl im Salzkammergut\" \/>\n<meta property=\"og:description\" content=\"Impressum der Pension Schierl im Salzkammergut in Faistenau mit insgesamt 35 Betten. Alle Zimmer mit modernen Duschen WC\u2019s Balkon und Flat-TV\" \/>\n<meta property=\"og:url\" content=\"https:\/\/www.pensionschierl.at\/fr\/imprimer\/\" \/>\n<meta property=\"og:site_name\" content=\"Pension Schierl im Salzkammergut\" \/>\n<meta property=\"article:modified_time\" content=\"2025-07-20T07:37:04+00:00\" \/>\n<meta name=\"twitter:card\" content=\"summary_large_image\" \/>\n<meta name=\"twitter:label1\" content=\"Dur\u00e9e de lecture estim\u00e9e\" \/>\n\t<meta name=\"twitter:data1\" content=\"2 minutes\" \/>\n<script type=\"application\/ld+json\" class=\"yoast-schema-graph\">{\"@context\":\"https:\\\/\\\/schema.org\",\"@graph\":[{\"@type\":\"WebPage\",\"@id\":\"https:\\\/\\\/www.pensionschierl.at\\\/impressum\\\/\",\"url\":\"https:\\\/\\\/www.pensionschierl.at\\\/impressum\\\/\",\"name\":\"Impressum - Pension Schierl im Salzkammergut\",\"isPartOf\":{\"@id\":\"https:\\\/\\\/www.pensionschierl.at\\\/#website\"},\"datePublished\":\"2023-02-04T10:48:45+00:00\",\"dateModified\":\"2025-07-20T07:37:04+00:00\",\"description\":\"Impressum der Pension Schierl im Salzkammergut in Faistenau mit insgesamt 35 Betten. Alle Zimmer mit modernen Duschen WC\u2019s Balkon und Flat-TV\",\"breadcrumb\":{\"@id\":\"https:\\\/\\\/www.pensionschierl.at\\\/impressum\\\/#breadcrumb\"},\"inLanguage\":\"fr-FR\",\"potentialAction\":[{\"@type\":\"ReadAction\",\"target\":[\"https:\\\/\\\/www.pensionschierl.at\\\/impressum\\\/\"]}]},{\"@type\":\"BreadcrumbList\",\"@id\":\"https:\\\/\\\/www.pensionschierl.at\\\/impressum\\\/#breadcrumb\",\"itemListElement\":[{\"@type\":\"ListItem\",\"position\":1,\"name\":\"Startseite\",\"item\":\"https:\\\/\\\/www.pensionschierl.at\\\/\"},{\"@type\":\"ListItem\",\"position\":2,\"name\":\"Impressum\"}]},{\"@type\":\"WebSite\",\"@id\":\"https:\\\/\\\/www.pensionschierl.at\\\/#website\",\"url\":\"https:\\\/\\\/www.pensionschierl.at\\\/\",\"name\":\"Pension Schierl im Salzkammergut\",\"description\":\"Urlaub in Faistenau\",\"publisher\":{\"@id\":\"https:\\\/\\\/www.pensionschierl.at\\\/#organization\"},\"potentialAction\":[{\"@type\":\"SearchAction\",\"target\":{\"@type\":\"EntryPoint\",\"urlTemplate\":\"https:\\\/\\\/www.pensionschierl.at\\\/?s={search_term_string}\"},\"query-input\":{\"@type\":\"PropertyValueSpecification\",\"valueRequired\":true,\"valueName\":\"search_term_string\"}}],\"inLanguage\":\"fr-FR\"},{\"@type\":\"Organization\",\"@id\":\"https:\\\/\\\/www.pensionschierl.at\\\/#organization\",\"name\":\"Pension Schierl\",\"url\":\"https:\\\/\\\/www.pensionschierl.at\\\/\",\"logo\":{\"@type\":\"ImageObject\",\"inLanguage\":\"fr-FR\",\"@id\":\"https:\\\/\\\/www.pensionschierl.at\\\/#\\\/schema\\\/logo\\\/image\\\/\",\"url\":\"https:\\\/\\\/www.pensionschierl.at\\\/wp-content\\\/uploads\\\/2023\\\/01\\\/pension-schierl-logo.png\",\"contentUrl\":\"https:\\\/\\\/www.pensionschierl.at\\\/wp-content\\\/uploads\\\/2023\\\/01\\\/pension-schierl-logo.png\",\"width\":350,\"height\":175,\"caption\":\"Pension Schierl\"},\"image\":{\"@id\":\"https:\\\/\\\/www.pensionschierl.at\\\/#\\\/schema\\\/logo\\\/image\\\/\"}}]}<\/script>\n<!-- \/ Yoast SEO plugin. -->","yoast_head_json":{"title":"Mentions l\u00e9gales - Pension Schierl dans le Salzkammergut","description":"Mentions l\u00e9gales de la Pension Schierl dans le Salzkammergut \u00e0 Faistenau avec un total de 35 lits. Toutes les chambres sont \u00e9quip\u00e9es de douches modernes, de toilettes, d&#039;un balcon et d&#039;une t\u00e9l\u00e9vision \u00e0 \u00e9cran plat","robots":{"index":"index","follow":"follow","max-snippet":"max-snippet:-1","max-image-preview":"max-image-preview:large","max-video-preview":"max-video-preview:-1"},"canonical":"https:\/\/www.pensionschierl.at\/fr\/imprimer\/","og_locale":"fr_FR","og_type":"article","og_title":"Impressum - Pension Schierl im Salzkammergut","og_description":"Impressum der Pension Schierl im Salzkammergut in Faistenau mit insgesamt 35 Betten. Alle Zimmer mit modernen Duschen WC\u2019s Balkon und Flat-TV","og_url":"https:\/\/www.pensionschierl.at\/fr\/imprimer\/","og_site_name":"Pension Schierl im Salzkammergut","article_modified_time":"2025-07-20T07:37:04+00:00","twitter_card":"summary_large_image","twitter_misc":{"Dur\u00e9e de lecture estim\u00e9e":"2 minutes"},"schema":{"@context":"https:\/\/schema.org","@graph":[{"@type":"WebPage","@id":"https:\/\/www.pensionschierl.at\/impressum\/","url":"https:\/\/www.pensionschierl.at\/impressum\/","name":"Mentions l\u00e9gales - Pension Schierl dans le Salzkammergut","isPartOf":{"@id":"https:\/\/www.pensionschierl.at\/#website"},"datePublished":"2023-02-04T10:48:45+00:00","dateModified":"2025-07-20T07:37:04+00:00","description":"Mentions l\u00e9gales de la Pension Schierl dans le Salzkammergut \u00e0 Faistenau avec un total de 35 lits. Toutes les chambres sont \u00e9quip\u00e9es de douches modernes, de toilettes, d&#039;un balcon et d&#039;une t\u00e9l\u00e9vision \u00e0 \u00e9cran plat","breadcrumb":{"@id":"https:\/\/www.pensionschierl.at\/impressum\/#breadcrumb"},"inLanguage":"fr-FR","potentialAction":[{"@type":"ReadAction","target":["https:\/\/www.pensionschierl.at\/impressum\/"]}]},{"@type":"BreadcrumbList","@id":"https:\/\/www.pensionschierl.at\/impressum\/#breadcrumb","itemListElement":[{"@type":"ListItem","position":1,"name":"Startseite","item":"https:\/\/www.pensionschierl.at\/"},{"@type":"ListItem","position":2,"name":"Impressum"}]},{"@type":"WebSite","@id":"https:\/\/www.pensionschierl.at\/#website","url":"https:\/\/www.pensionschierl.at\/","name":"Pension Schierl dans le Salzkammergut","description":"Vacances \u00e0 Faistenau","publisher":{"@id":"https:\/\/www.pensionschierl.at\/#organization"},"potentialAction":[{"@type":"SearchAction","target":{"@type":"EntryPoint","urlTemplate":"https:\/\/www.pensionschierl.at\/?s={search_term_string}"},"query-input":{"@type":"PropertyValueSpecification","valueRequired":true,"valueName":"search_term_string"}}],"inLanguage":"fr-FR"},{"@type":"Organization","@id":"https:\/\/www.pensionschierl.at\/#organization","name":"Pension Schierl","url":"https:\/\/www.pensionschierl.at\/","logo":{"@type":"ImageObject","inLanguage":"fr-FR","@id":"https:\/\/www.pensionschierl.at\/#\/schema\/logo\/image\/","url":"https:\/\/www.pensionschierl.at\/wp-content\/uploads\/2023\/01\/pension-schierl-logo.png","contentUrl":"https:\/\/www.pensionschierl.at\/wp-content\/uploads\/2023\/01\/pension-schierl-logo.png","width":350,"height":175,"caption":"Pension Schierl"},"image":{"@id":"https:\/\/www.pensionschierl.at\/#\/schema\/logo\/image\/"}}]}},"_links":{"self":[{"href":"http:\/\/www.pensionschierl.at\/fr\/wp-json\/wp\/v2\/pages\/766","targetHints":{"allow":["GET"]}}],"collection":[{"href":"http:\/\/www.pensionschierl.at\/fr\/wp-json\/wp\/v2\/pages"}],"about":[{"href":"http:\/\/www.pensionschierl.at\/fr\/wp-json\/wp\/v2\/types\/page"}],"author":[{"embeddable":true,"href":"http:\/\/www.pensionschierl.at\/fr\/wp-json\/wp\/v2\/users\/1"}],"replies":[{"embeddable":true,"href":"http:\/\/www.pensionschierl.at\/fr\/wp-json\/wp\/v2\/comments?post=766"}],"version-history":[{"count":38,"href":"http:\/\/www.pensionschierl.at\/fr\/wp-json\/wp\/v2\/pages\/766\/revisions"}],"predecessor-version":[{"id":1536,"href":"http:\/\/www.pensionschierl.at\/fr\/wp-json\/wp\/v2\/pages\/766\/revisions\/1536"}],"wp:attachment":[{"href":"http:\/\/www.pensionschierl.at\/fr\/wp-json\/wp\/v2\/media?parent=766"}],"curies":[{"name":"wp","href":"https:\/\/api.w.org\/{rel}","templated":true}]}}