{"id":751,"date":"2023-02-04T11:35:15","date_gmt":"2023-02-04T10:35:15","guid":{"rendered":"https:\/\/host-146-soul.hostname.at\/?page_id=751"},"modified":"2023-02-07T12:40:11","modified_gmt":"2023-02-07T11:40:11","slug":"avis-de-confidentialite","status":"publish","type":"page","link":"https:\/\/www.pensionschierl.at\/fr\/datenschutzhinweis\/","title":{"rendered":"Avis de confidentialit\u00e9"},"content":{"rendered":"<div data-elementor-type=\"wp-page\" data-elementor-id=\"751\" class=\"elementor elementor-751\" data-elementor-post-type=\"page\">\n\t\t\t\t\t\t<section class=\"elementor-section elementor-top-section elementor-element elementor-element-f85132c elementor-section-boxed elementor-section-height-default elementor-section-height-default\" data-id=\"f85132c\" data-element_type=\"section\" data-e-type=\"section\">\n\t\t\t\t\t\t<div class=\"elementor-container elementor-column-gap-default\">\n\t\t\t\t\t<div class=\"elementor-column elementor-col-100 elementor-top-column elementor-element elementor-element-35fd6de\" data-id=\"35fd6de\" data-element_type=\"column\" data-e-type=\"column\">\n\t\t\t<div class=\"elementor-widget-wrap elementor-element-populated\">\n\t\t\t\t\t\t<div class=\"elementor-element elementor-element-5b7bec7 elementor-widget elementor-widget-heading\" data-id=\"5b7bec7\" data-element_type=\"widget\" data-e-type=\"widget\" data-widget_type=\"heading.default\">\n\t\t\t\t<div class=\"elementor-widget-container\">\n\t\t\t\t\t<h1 class=\"elementor-heading-title elementor-size-default\">Avis de confidentialit\u00e9<\/h1>\t\t\t\t<\/div>\n\t\t\t\t<\/div>\n\t\t\t\t\t<\/div>\n\t\t<\/div>\n\t\t\t\t\t<\/div>\n\t\t<\/section>\n\t\t\t\t<section class=\"elementor-section elementor-top-section elementor-element elementor-element-8a8fcb7 elementor-section-stretched elementor-section-boxed elementor-section-height-default elementor-section-height-default\" data-id=\"8a8fcb7\" data-element_type=\"section\" data-e-type=\"section\" data-settings=\"{&quot;stretch_section&quot;:&quot;section-stretched&quot;}\">\n\t\t\t\t\t\t<div class=\"elementor-container elementor-column-gap-default\">\n\t\t\t\t\t<div class=\"elementor-column elementor-col-100 elementor-top-column elementor-element elementor-element-735e0b0\" data-id=\"735e0b0\" data-element_type=\"column\" data-e-type=\"column\">\n\t\t\t<div class=\"elementor-widget-wrap elementor-element-populated\">\n\t\t\t\t\t\t<div class=\"elementor-element elementor-element-8d1bac3 elementor-widget elementor-widget-text-editor\" data-id=\"8d1bac3\" data-element_type=\"widget\" data-e-type=\"widget\" data-widget_type=\"text-editor.default\">\n\t\t\t\t<div class=\"elementor-widget-container\">\n\t\t\t\t\t\t\t\t\t<h2>protection des donn\u00e9es<\/h2><p>Le propri\u00e9taire de ce site Web est responsable du traitement de vos donn\u00e9es personnelles. Nos donn\u00e9es commerciales juridiques peuvent \u00eatre trouv\u00e9es dans le <a href=\"\/fr\/imprimer\/\">Imprimer<\/a>.<\/p><p>Nous prenons tr\u00e8s au s\u00e9rieux la protection de vos donn\u00e9es personnelles. Nous traitons vos donn\u00e9es personnelles conform\u00e9ment aux dispositions l\u00e9gales en mati\u00e8re de protection des donn\u00e9es et \u00e0 la pr\u00e9sente politique de confidentialit\u00e9.<\/p><p>Vous pouvez g\u00e9n\u00e9ralement utiliser notre site Web sans fournir aucune donn\u00e9e personnelle. Si des donn\u00e9es personnelles (telles que le nom, l&#039;adresse ou les adresses e-mail) sont collect\u00e9es sur notre site Web, cela se fait toujours sur une base volontaire, dans la mesure du possible.<\/p><h2>Sous-traitants, destinataires<\/h2><p>Nous traitons vos donn\u00e9es personnelles avec l&#039;aide de sous-traitants qui nous aident \u00e0 fournir les services (par exemple, h\u00e9bergeurs Web, services d&#039;envoi de newsletters par courrier \u00e9lectronique).<\/p><p>Ces sous-traitants sont tenus de prot\u00e9ger strictement vos donn\u00e9es personnelles et ne sont pas autoris\u00e9s \u00e0 traiter vos donn\u00e9es personnelles \u00e0 d\u2019autres fins que la fourniture de nos services.<\/p><p>Vos donn\u00e9es personnelles ne seront transmises qu&#039;\u00e0 des prestataires de services commerciaux classiques tels que les banques (en cas de transferts vers vous), les conseillers fiscaux (si vous apparaissez dans notre comptabilit\u00e9), les prestataires de services d&#039;exp\u00e9dition (en cas d&#039;exp\u00e9dition vers vous), etc.<\/p><h2>formulaire de contact<\/h2><p>Apr\u00e8s avoir soumis le formulaire de contact, les donn\u00e9es personnelles que vous avez saisies seront trait\u00e9es par le responsable de la protection des donn\u00e9es dans le but de traiter votre demande sur la base de votre consentement donn\u00e9 en soumettant le formulaire.<\/p><p>Il n\u2019existe aucune obligation l\u00e9gale ou contractuelle de fournir des donn\u00e9es personnelles. Le fait de ne pas fournir vos informations signifiera simplement que vous ne pourrez pas soumettre votre demande et que nous ne pourrons pas la traiter.<\/p><p>Vous avez le droit de retirer votre consentement \u00e0 tout moment par notification \u00e9crite, sans que cela n&#039;affecte la l\u00e9galit\u00e9 du traitement effectu\u00e9 sur la base du consentement jusqu&#039;au retrait.<\/p><h2>Courriel<\/h2><p>En cochant la case, vous consentez au traitement des donn\u00e9es personnelles que vous avez saisies dans le but de vous informer de nos offres actuelles via une newsletter par e-mail par la personne responsable de la protection des donn\u00e9es jusqu&#039;\u00e0 ce que vous r\u00e9voquiez votre consentement ou vous y opposiez.<\/p><p>Il n&#039;y a aucune obligation l\u00e9gale ou contractuelle de fournir les donn\u00e9es personnelles. La seule cons\u00e9quence du non-consentement est que vous ne recevrez pas de newsletter par e-mail.<\/p><p>Vous avez le droit de r\u00e9voquer votre consentement \u00e0 tout moment par notification \u00e9crite ou en cliquant sur le lien de d\u00e9sabonnement dans la newsletter \u00e9lectronique, sans que cela n&#039;affecte la l\u00e9galit\u00e9 du traitement effectu\u00e9 sur la base du consentement jusqu&#039;\u00e0 la r\u00e9vocation.<\/p><p>Vous pouvez \u00e9galement vous opposer de la m\u00eame mani\u00e8re \u00e0 l\u2019utilisation de vos donn\u00e9es personnelles \u00e0 des fins de marketing direct. En cas d&#039;opposition, vos donn\u00e9es personnelles ne seront plus trait\u00e9es \u00e0 des fins de publicit\u00e9 directe sous forme de newsletter par e-mail.<\/p><h2>biscuits<\/h2><p>Ce site utilise des cookies.<\/p><p>Les cookies rendent les sites Web plus conviviaux et plus efficaces pour les utilisateurs. Un cookie est un petit fichier texte utilis\u00e9 pour stocker des informations. Lorsque vous visitez un site Web, celui-ci peut placer un cookie sur l\u2019ordinateur du visiteur. Si l&#039;utilisateur visite \u00e0 nouveau le site Web ult\u00e9rieurement, le site Web peut lire les donn\u00e9es du cookie pr\u00e9c\u00e9demment stock\u00e9 et ainsi d\u00e9terminer, par exemple, si l&#039;utilisateur a d\u00e9j\u00e0 visit\u00e9 le site Web et quelles zones du site Web l&#039;ont particuli\u00e8rement int\u00e9ress\u00e9.<\/p><p>Vous pouvez trouver plus d&#039;informations sur les cookies sur <a href=\"https:\/\/de.wikipedia.org\/wiki\/HTTP-Cookie\" target=\"_blank\" rel=\"noopener\">WIKIP\u00c9DIA<\/a>.<\/p><h4>Modifier les param\u00e8tres des cookies<\/h4><p>L&#039;utilisateur peut sp\u00e9cifier comment le navigateur Web g\u00e8re les cookies et quels cookies sont accept\u00e9s ou rejet\u00e9s dans les param\u00e8tres du navigateur Web. L&#039;emplacement exact de ces param\u00e8tres d\u00e9pend du navigateur Web concern\u00e9. Des informations d\u00e9taill\u00e9es peuvent \u00eatre trouv\u00e9es dans la fonction d&#039;aide du navigateur Web concern\u00e9.<\/p><p>Si l&#039;utilisation des cookies est restreinte, il est possible que toutes les fonctions de ce site Web ne soient pas pleinement utilisables.<\/p><h4>Cookies sur notre site<\/h4><p>Notre site Web utilise les fournisseurs suivants :<\/p><ul><li><strong>Notre site:<\/strong> Utilis\u00e9 pour stocker le consentement \u00e0 l&#039;utilisation de cookies.<\/li><li><strong>Google:<\/strong> Utilis\u00e9 pour stocker des donn\u00e9es d&#039;utilisateur en relation avec le logiciel de statistiques de site Web Google Analytics de Google. pour plus d&#039;informations, contactez <a href=\"https:\/\/www.google.com\/intl\/de\/analytics\/\" target=\"_blank\" rel=\"noopener\">Google Analytics<\/a>.<\/li><li><strong>Facebook:<\/strong> Utilis\u00e9 pour stocker les donn\u00e9es des utilisateurs en relation avec le pixel Facebook. pour plus d&#039;informations, contactez <a href=\"https:\/\/developers.facebook.com\/docs\/plugins?locale=de_DE\" target=\"_blank\" rel=\"noopener\">D\u00e9veloppeur Facebook<\/a> ainsi qu&#039;avec le <a href=\"https:\/\/www.facebook.com\/policies\/cookies\/\" target=\"_blank\" rel=\"noopener\">Avis sur les cookies de Facebook<\/a>.<\/li><li><strong>Hotjar\u00a0:<\/strong> Utilis\u00e9 pour stocker les donn\u00e9es utilisateur li\u00e9es \u00e0 Hotjar. Pour plus d&#039;informations, consultez le <a href=\"https:\/\/www.hotjar.com\/cookies\" target=\"_blank\" rel=\"noopener\">Informations sur les cookies Hotjar<\/a>.<\/li><\/ul><h2>Fichiers journaux du serveur<\/h2><p>Afin de surveiller le fonctionnement technique et d&#039;augmenter la fiabilit\u00e9 op\u00e9rationnelle du serveur Web, ce site Web traite les donn\u00e9es personnelles suivantes dans un fichier journal du serveur sur la base de l&#039;int\u00e9r\u00eat l\u00e9gitime pr\u00e9pond\u00e9rant du responsable du traitement (mesures de s\u00e9curit\u00e9 techniques) :<\/p><ul><li>l&#039;adresse IP<\/li><li>la page \u00e0 partir de laquelle le fichier a \u00e9t\u00e9 demand\u00e9 (appel\u00e9e URL de r\u00e9f\u00e9rence)<\/li><li>le nom du fichier<\/li><li>la date et l&#039;heure de la demande (appel\u00e9e \u00ab horodatage \u00bb)<\/li><li>la quantit\u00e9 de donn\u00e9es transf\u00e9r\u00e9es<\/li><li>l&#039;\u00e9tat d&#039;acc\u00e8s (fichier transf\u00e9r\u00e9, fichier non trouv\u00e9, etc.)<\/li><li>une description du type de programme de visualisation Internet utilis\u00e9 (navigateur Web, abr\u00e9g\u00e9 en \u00ab navigateur \u00bb ; par exemple Mozilla Firefox, Google Chrome, Microsoft Internet Explorer, Microsoft Edge, Apple Safari, Opera, etc.)<\/li><\/ul><h2>data-trpgettextoriginal=Google Analytics<\/h2><p>Ce site Web utilise Google Analytics, un service d&#039;analyse Web fourni par Google Ireland Limited, Gordon House, Barrow Street, Dublin 4, Irlande (\u00ab Google \u00bb) sur la base juridique de l&#039;int\u00e9r\u00eat l\u00e9gitime (analyse de l&#039;utilisation du site Web). Nous avons conclu un contrat de traitement des donn\u00e9es de commande avec Google.<\/p><p>Lorsque vous visitez notre site Web, une connexion aux serveurs de Google est \u00e9tablie via un logiciel et des donn\u00e9es sont transmises aux serveurs de Google, dont certains sont situ\u00e9s aux \u00c9tats-Unis. Google Analytics utilise \u00e9galement des cookies pour stocker des informations sur l&#039;utilisateur du site Web et pour analyser la mani\u00e8re dont le site Web est utilis\u00e9 par l&#039;utilisateur du site Web.<\/p><p>Ce site Web utilise la fonction \u00ab Activation de l\u2019anonymisation IP \u00bb. En cons\u00e9quence, votre adresse IP sera raccourcie par Google dans les \u00c9tats membres de l&#039;Union europ\u00e9enne ou dans d&#039;autres \u00c9tats contractants de l&#039;accord sur l&#039;Espace \u00e9conomique europ\u00e9en. Ce n&#039;est que dans des cas exceptionnels que l&#039;adresse IP compl\u00e8te sera transmise \u00e0 un serveur de Google aux \u00c9tats-Unis et y sera raccourcie.<\/p><p>Selon Google, Google utilisera les donn\u00e9es collect\u00e9es pour \u00e9valuer votre utilisation du site Web, pour compiler des rapports sur l&#039;activit\u00e9 du site Web et pour fournir d&#039;autres services li\u00e9s \u00e0 l&#039;activit\u00e9 du site Web et \u00e0 l&#039;utilisation d&#039;Internet.<\/p><p>Google peut \u00e9galement transf\u00e9rer ces informations \u00e0 des tiers lorsque la loi l&#039;exige ou lorsque ces tiers traitent les donn\u00e9es pour le compte de Google.<\/p><p>Des informations d\u00e9taill\u00e9es sur la mani\u00e8re dont Google Analytics g\u00e8re les donn\u00e9es des utilisateurs sont disponibles dans la politique de confidentialit\u00e9 de <a href=\"https:\/\/www.google.com\/intl\/de\/policies\/privacy\/\" target=\"_blank\" rel=\"noopener\">Google<\/a> ou de <a href=\"https:\/\/support.google.com\/analytics\/answer\/6004245?hl=de\" target=\"_blank\" rel=\"noopener\">data-trpgettextoriginal=Google Analytics<\/a>.<\/p><h4>Remarketing Google Analytics<\/h4><p>Nos sites Web utilisent les fonctions de remarketing de Google Analytics en conjonction avec les fonctions multi-appareils de Google AdWords et de Google DoubleClick. Le fournisseur est Google Ireland Limited, Gordon House, Barrow Street, Dublin 4, Irlande.<\/p><p>Cette fonctionnalit\u00e9 vous permet de lier les audiences publicitaires cr\u00e9\u00e9es avec Google Analytics Remarketing avec les fonctionnalit\u00e9s multi-appareils de Google AdWords et Google DoubleClick. De cette mani\u00e8re, des messages publicitaires personnalis\u00e9s et bas\u00e9s sur vos centres d&#039;int\u00e9r\u00eat, adapt\u00e9s \u00e0 vos habitudes d&#039;utilisation et de navigation ant\u00e9rieures sur un appareil (par exemple, un t\u00e9l\u00e9phone portable), peuvent \u00e9galement \u00eatre affich\u00e9s sur un autre de vos appareils (par exemple, une tablette ou un PC).<\/p><p>Si vous avez donn\u00e9 votre consentement, Google associera votre historique de navigation Web et d&#039;applications \u00e0 votre compte Google \u00e0 cette fin. De cette fa\u00e7on, les m\u00eames messages publicitaires personnalis\u00e9s peuvent \u00eatre affich\u00e9s sur chaque appareil sur lequel vous vous connectez avec votre compte Google.<\/p><p>Pour prendre en charge cette fonctionnalit\u00e9, Google Analytics collecte les identifiants d&#039;utilisateur authentifi\u00e9s par Google, qui sont temporairement li\u00e9s \u00e0 nos donn\u00e9es Google Analytics pour d\u00e9finir et cr\u00e9er des audiences pour la diffusion d&#039;annonces multi-appareils.<\/p><p>Vous pouvez d\u00e9sactiver d\u00e9finitivement le remarketing\/ciblage multi-appareils en d\u00e9sactivant la publicit\u00e9 personnalis\u00e9e dans votre compte Google\u00a0; Pour ce faire, suivez <a href=\"https:\/\/www.google.com\/settings\/ads\/onweb\/\" target=\"_blank\" rel=\"noopener\">ce lien<\/a>.<\/p><p>Les donn\u00e9es collect\u00e9es sont r\u00e9sum\u00e9es dans votre compte Google uniquement sur la base de votre consentement, que vous pouvez donner ou retirer \u00e0 Google (art. 6 (1) (a) RGPD). Pour les processus de collecte de donn\u00e9es qui ne sont pas fusionn\u00e9s dans votre compte Google (par exemple parce que vous n&#039;avez pas de compte Google ou que vous vous \u00eates oppos\u00e9 \u00e0 la fusion), la collecte de donn\u00e9es est bas\u00e9e sur l&#039;art. 6 (1) (f) du RGPD. L&#039;int\u00e9r\u00eat l\u00e9gitime d\u00e9coule du fait que l&#039;exploitant du site Web a int\u00e9r\u00eat \u00e0 l&#039;analyse anonymis\u00e9e des visiteurs du site Web \u00e0 des fins publicitaires.<\/p><p>Vous trouverez de plus amples informations et les r\u00e8gles de protection des donn\u00e9es dans le <a href=\"https:\/\/www.google.com\/policies\/technologies\/ads\/\" target=\"_blank\" rel=\"noopener\">Politique de confidentialit\u00e9 de Google<\/a>.<\/p><h4>D\u00e9sactiver Google Analytics<\/h4><ul><li>Vous pouvez emp\u00eacher la collecte de vos donn\u00e9es utilisateur <strong>sur notre site Web en g\u00e9n\u00e9ral<\/strong> en d\u00e9finissant \u00ab\u00a0Ne pas suivre\u00a0\u00bb dans votre navigateur Web. Notre site Web respecte le signal \u00ab\u00a0Ne pas suivre\u00a0\u00bb que votre navigateur Web envoie ensuite \u00e0 tous les sites Web.<\/li><li>Vous pouvez g\u00e9n\u00e9ralement emp\u00eacher Google Analytics de collecter vos donn\u00e9es utilisateur <strong>sur tous les sites<\/strong> en t\u00e9l\u00e9chargeant et en installant le plug-in de navigateur disponible sous le lien suivant : <a href=\"https:\/\/tools.google.com\/dlpage\/gaoptout?hl=de\" target=\"_blank\" rel=\"noopener\">T\u00e9l\u00e9charger l&#039;extension de navigateur<\/a>.<\/li><li>Vous pouvez emp\u00eacher Google Analytics de collecter vos donn\u00e9es utilisateur <strong>uniquement sur ce site<\/strong> pr\u00e9venir en cliquant sur le lien suivant. Un cookie de d\u00e9sactivation sera install\u00e9 pour emp\u00eacher la collecte de vos donn\u00e9es lors de vos prochaines visites sur ce site Web : <a>D\u00e9sactiver Google Analytics<\/a>.<\/li><\/ul><h2>Boutons \u00ab\u00a0Partager\u00a0\u00bb<\/h2><p>Notre site Web comporte des boutons sur certaines pages permettant de partager le contenu de la page sur les plateformes de m\u00e9dias sociaux Facebook, Google Plus, Instagram, Linkedin, Pinterest, Tumblr, Twitter, XING et YouTube.<\/p><p>Les boutons sont id\u00e9alement con\u00e7us pour prot\u00e9ger les donn\u00e9es personnelles des visiteurs de notre site Web, puisque le script (programme informatique) derri\u00e8re les boutons <strong>pas de donn\u00e9es personnelles<\/strong> enregistr\u00e9es ou trait\u00e9es. <a href=\"https:\/\/www.heise.de\/ct\/artikel\/Shariff-Social-Media-Buttons-mit-Datenschutz-2467514.html\" target=\"_blank\" rel=\"noopener\">Information pr\u00e9cise<\/a> Heise Verlag, \u00e9diteur du magazine informatique c&#039;t et d\u00e9veloppeur des boutons, propose des informations sur la fonction des boutons.<\/p><p>Les visiteurs du site Web qui souhaitent partager notre page seront redirig\u00e9s directement vers les pages \u00ab Partager \u00bb des plateformes de m\u00e9dias sociaux respectives lorsqu&#039;ils cliqueront sur les boutons. Seuls les scripts n\u00e9cessaires au partage du contenu de la page sont charg\u00e9s. Les conditions g\u00e9n\u00e9rales de vente et de protection des donn\u00e9es convenues entre le visiteur du site Web et les plateformes de m\u00e9dias sociaux respectives s&#039;appliquent alors. Des informations d\u00e9taill\u00e9es sont disponibles sur les plateformes respectives <a href=\"https:\/\/www.facebook.com\/policy.php\" target=\"_blank\" rel=\"noopener\">Facebook<\/a>, <a href=\"https:\/\/www.google.com\/intl\/de\/policies\/privacy\/\" target=\"_blank\" rel=\"noopener\">Google Plus<\/a>, <a href=\"http:\/\/instagram.com\/about\/legal\/privacy\/\" target=\"_blank\" rel=\"noopener\">Instagram<\/a>, <a href=\"https:\/\/www.linkedin.com\/legal\/privacy-policy\" target=\"_blank\" rel=\"noopener\">LinkedIn<\/a>, <a href=\"https:\/\/about.pinterest.com\/de\/privacy-policy\" target=\"_blank\" rel=\"noopener\">Pinterest<\/a>, <a href=\"https:\/\/www.tumblr.com\/privacy\/de\" target=\"_blank\" rel=\"noopener\">tumblr<\/a>, <a href=\"https:\/\/twitter.com\/de\/privacy\" target=\"_blank\" rel=\"noopener\">Twitter<\/a>, <a href=\"https:\/\/www.xing.com\/privacy\" target=\"_blank\" rel=\"noopener\">XING<\/a> et <a href=\"https:\/\/www.google.de\/intl\/de\/policies\/privacy\" target=\"_blank\" rel=\"noopener\">Youtube<\/a>.<\/p><h2>Tes droits<\/h2><p>Vous disposez d&#039;un droit d&#039;information, de rectification, de suppression et de limitation du traitement des donn\u00e9es personnelles.<\/p><p>Si la base juridique du traitement de vos donn\u00e9es personnelles est votre consentement ou un contrat conclu avec vous, vous disposez \u00e9galement du droit \u00e0 la portabilit\u00e9 des donn\u00e9es.<\/p><p>Vous avez le droit de r\u00e9voquer tout consentement que vous avez donn\u00e9 au traitement de vos donn\u00e9es personnelles. La l\u00e9galit\u00e9 du traitement des donn\u00e9es personnelles jusqu&#039;au moment de la r\u00e9vocation n&#039;est pas affect\u00e9e par la r\u00e9vocation.<\/p><p>Vous avez le droit de vous opposer au traitement de vos donn\u00e9es personnelles \u00e0 des fins de marketing direct. En cas d&#039;opposition, vos donn\u00e9es personnelles ne seront plus trait\u00e9es \u00e0 des fins de publicit\u00e9 directe.<\/p><p>En outre, vous avez le droit de d\u00e9poser une plainte aupr\u00e8s de l&#039;autorit\u00e9 de contr\u00f4le (Autorit\u00e9 autrichienne de protection des donn\u00e9es, Wickenburggasse 8, 1080 Vienne, dsb@dsb.gv.at).<\/p>\t\t\t\t\t\t\t\t<\/div>\n\t\t\t\t<\/div>\n\t\t\t\t\t<\/div>\n\t\t<\/div>\n\t\t\t\t\t<\/div>\n\t\t<\/section>\n\t\t\t\t<\/div>","protected":false},"excerpt":{"rendered":"<p>Datenschutzhinweis Datenschutz Verantwortlich f\u00fcr die Verarbeitung Ihrer personenbezogenen Daten ist der Inhaber dieser Website. Unsere rechtsm\u00e4\u00dfigen Gesch\u00e4ftsdaten finden Sie im Impressum. Wir nehmen den Schutz Ihrer pers\u00f6nenbezogenen Daten sehr ernst. Wir verarbeiten Ihre personenbezogenen Daten entsprechend der gesetzlichen Datenschutzvorschriften sowie dieser Datenschutzerkl\u00e4rung. Die Nutzung unserer Webseite ist in der Regel ohne Angabe personenbezogener Daten m\u00f6glich. [&hellip;]<\/p>\n","protected":false},"author":1,"featured_media":0,"parent":0,"menu_order":0,"comment_status":"closed","ping_status":"closed","template":"","meta":{"site-sidebar-layout":"no-sidebar","site-content-layout":"page-builder","ast-site-content-layout":"default","site-content-style":"default","site-sidebar-style":"default","ast-global-header-display":"","ast-banner-title-visibility":"","ast-main-header-display":"","ast-hfb-above-header-display":"","ast-hfb-below-header-display":"","ast-hfb-mobile-header-display":"","site-post-title":"disabled","ast-breadcrumbs-content":"","ast-featured-img":"disabled","footer-sml-layout":"","ast-disable-related-posts":"","theme-transparent-header-meta":"default","adv-header-id-meta":"","stick-header-meta":"","header-above-stick-meta":"","header-main-stick-meta":"","header-below-stick-meta":"","astra-migrate-meta-layouts":"default","ast-page-background-enabled":"default","ast-page-background-meta":{"desktop":{"background-color":"var(--ast-global-color-4)","background-image":"","background-repeat":"repeat","background-position":"center center","background-size":"auto","background-attachment":"scroll","background-type":"","background-media":"","overlay-type":"","overlay-color":"","overlay-opacity":"","overlay-gradient":""},"tablet":{"background-color":"","background-image":"","background-repeat":"repeat","background-position":"center center","background-size":"auto","background-attachment":"scroll","background-type":"","background-media":"","overlay-type":"","overlay-color":"","overlay-opacity":"","overlay-gradient":""},"mobile":{"background-color":"","background-image":"","background-repeat":"repeat","background-position":"center center","background-size":"auto","background-attachment":"scroll","background-type":"","background-media":"","overlay-type":"","overlay-color":"","overlay-opacity":"","overlay-gradient":""}},"ast-content-background-meta":{"desktop":{"background-color":"var(--ast-global-color-5)","background-image":"","background-repeat":"repeat","background-position":"center center","background-size":"auto","background-attachment":"scroll","background-type":"","background-media":"","overlay-type":"","overlay-color":"","overlay-opacity":"","overlay-gradient":""},"tablet":{"background-color":"var(--ast-global-color-5)","background-image":"","background-repeat":"repeat","background-position":"center center","background-size":"auto","background-attachment":"scroll","background-type":"","background-media":"","overlay-type":"","overlay-color":"","overlay-opacity":"","overlay-gradient":""},"mobile":{"background-color":"var(--ast-global-color-5)","background-image":"","background-repeat":"repeat","background-position":"center center","background-size":"auto","background-attachment":"scroll","background-type":"","background-media":"","overlay-type":"","overlay-color":"","overlay-opacity":"","overlay-gradient":""}},"footnotes":""},"class_list":["post-751","page","type-page","status-publish","hentry"],"yoast_head":"<!-- This site is optimized with the Yoast SEO plugin v27.4 - https:\/\/yoast.com\/product\/yoast-seo-wordpress\/ -->\n<title>Datenschutzhinweis - Pension Schierl im Salzkammergut<\/title>\n<meta name=\"description\" content=\"Datenschutzhinweis der Pension Schierl im Salzkammergut eine Fr\u00fchst\u00fcckspension zwei Einzelzimmer, zehn Doppelzimmer und f\u00fcnf Mehrbettzimmer.\" \/>\n<meta name=\"robots\" content=\"index, follow, max-snippet:-1, max-image-preview:large, max-video-preview:-1\" \/>\n<link rel=\"canonical\" href=\"https:\/\/www.pensionschierl.at\/fr\/avis-de-confidentialite\/\" \/>\n<meta property=\"og:locale\" content=\"fr_FR\" \/>\n<meta property=\"og:type\" content=\"article\" \/>\n<meta property=\"og:title\" content=\"Datenschutzhinweis - Pension Schierl im Salzkammergut\" \/>\n<meta property=\"og:description\" content=\"Datenschutzhinweis der Pension Schierl im Salzkammergut eine Fr\u00fchst\u00fcckspension zwei Einzelzimmer, zehn Doppelzimmer und f\u00fcnf Mehrbettzimmer.\" \/>\n<meta property=\"og:url\" content=\"https:\/\/www.pensionschierl.at\/fr\/avis-de-confidentialite\/\" \/>\n<meta property=\"og:site_name\" content=\"Pension Schierl im Salzkammergut\" \/>\n<meta property=\"article:modified_time\" content=\"2023-02-07T11:40:11+00:00\" \/>\n<meta name=\"twitter:card\" content=\"summary_large_image\" \/>\n<meta name=\"twitter:label1\" content=\"Dur\u00e9e de lecture estim\u00e9e\" \/>\n\t<meta name=\"twitter:data1\" content=\"9 minutes\" \/>\n<script type=\"application\/ld+json\" class=\"yoast-schema-graph\">{\"@context\":\"https:\\\/\\\/schema.org\",\"@graph\":[{\"@type\":\"WebPage\",\"@id\":\"https:\\\/\\\/www.pensionschierl.at\\\/datenschutzhinweis\\\/\",\"url\":\"https:\\\/\\\/www.pensionschierl.at\\\/datenschutzhinweis\\\/\",\"name\":\"Datenschutzhinweis - Pension Schierl im Salzkammergut\",\"isPartOf\":{\"@id\":\"https:\\\/\\\/www.pensionschierl.at\\\/#website\"},\"datePublished\":\"2023-02-04T10:35:15+00:00\",\"dateModified\":\"2023-02-07T11:40:11+00:00\",\"description\":\"Datenschutzhinweis der Pension Schierl im Salzkammergut eine Fr\u00fchst\u00fcckspension zwei Einzelzimmer, zehn Doppelzimmer und f\u00fcnf Mehrbettzimmer.\",\"breadcrumb\":{\"@id\":\"https:\\\/\\\/www.pensionschierl.at\\\/datenschutzhinweis\\\/#breadcrumb\"},\"inLanguage\":\"fr-FR\",\"potentialAction\":[{\"@type\":\"ReadAction\",\"target\":[\"https:\\\/\\\/www.pensionschierl.at\\\/datenschutzhinweis\\\/\"]}]},{\"@type\":\"BreadcrumbList\",\"@id\":\"https:\\\/\\\/www.pensionschierl.at\\\/datenschutzhinweis\\\/#breadcrumb\",\"itemListElement\":[{\"@type\":\"ListItem\",\"position\":1,\"name\":\"Startseite\",\"item\":\"https:\\\/\\\/www.pensionschierl.at\\\/\"},{\"@type\":\"ListItem\",\"position\":2,\"name\":\"Datenschutzhinweis\"}]},{\"@type\":\"WebSite\",\"@id\":\"https:\\\/\\\/www.pensionschierl.at\\\/#website\",\"url\":\"https:\\\/\\\/www.pensionschierl.at\\\/\",\"name\":\"Pension Schierl im Salzkammergut\",\"description\":\"Urlaub in Faistenau\",\"publisher\":{\"@id\":\"https:\\\/\\\/www.pensionschierl.at\\\/#organization\"},\"potentialAction\":[{\"@type\":\"SearchAction\",\"target\":{\"@type\":\"EntryPoint\",\"urlTemplate\":\"https:\\\/\\\/www.pensionschierl.at\\\/?s={search_term_string}\"},\"query-input\":{\"@type\":\"PropertyValueSpecification\",\"valueRequired\":true,\"valueName\":\"search_term_string\"}}],\"inLanguage\":\"fr-FR\"},{\"@type\":\"Organization\",\"@id\":\"https:\\\/\\\/www.pensionschierl.at\\\/#organization\",\"name\":\"Pension Schierl\",\"url\":\"https:\\\/\\\/www.pensionschierl.at\\\/\",\"logo\":{\"@type\":\"ImageObject\",\"inLanguage\":\"fr-FR\",\"@id\":\"https:\\\/\\\/www.pensionschierl.at\\\/#\\\/schema\\\/logo\\\/image\\\/\",\"url\":\"https:\\\/\\\/www.pensionschierl.at\\\/wp-content\\\/uploads\\\/2023\\\/01\\\/pension-schierl-logo.png\",\"contentUrl\":\"https:\\\/\\\/www.pensionschierl.at\\\/wp-content\\\/uploads\\\/2023\\\/01\\\/pension-schierl-logo.png\",\"width\":350,\"height\":175,\"caption\":\"Pension Schierl\"},\"image\":{\"@id\":\"https:\\\/\\\/www.pensionschierl.at\\\/#\\\/schema\\\/logo\\\/image\\\/\"}}]}<\/script>\n<!-- \/ Yoast SEO plugin. -->","yoast_head_json":{"title":"Avis de protection des donn\u00e9es - Pension Schierl dans le Salzkammergut","description":"Politique de confidentialit\u00e9 de la Pension Schierl dans le Salzkammergut un bed and breakfast deux chambres simples, dix chambres doubles et cinq chambres partag\u00e9es.","robots":{"index":"index","follow":"follow","max-snippet":"max-snippet:-1","max-image-preview":"max-image-preview:large","max-video-preview":"max-video-preview:-1"},"canonical":"https:\/\/www.pensionschierl.at\/fr\/avis-de-confidentialite\/","og_locale":"fr_FR","og_type":"article","og_title":"Datenschutzhinweis - Pension Schierl im Salzkammergut","og_description":"Datenschutzhinweis der Pension Schierl im Salzkammergut eine Fr\u00fchst\u00fcckspension zwei Einzelzimmer, zehn Doppelzimmer und f\u00fcnf Mehrbettzimmer.","og_url":"https:\/\/www.pensionschierl.at\/fr\/avis-de-confidentialite\/","og_site_name":"Pension Schierl im Salzkammergut","article_modified_time":"2023-02-07T11:40:11+00:00","twitter_card":"summary_large_image","twitter_misc":{"Dur\u00e9e de lecture estim\u00e9e":"9 minutes"},"schema":{"@context":"https:\/\/schema.org","@graph":[{"@type":"WebPage","@id":"https:\/\/www.pensionschierl.at\/datenschutzhinweis\/","url":"https:\/\/www.pensionschierl.at\/datenschutzhinweis\/","name":"Avis de protection des donn\u00e9es - Pension Schierl dans le Salzkammergut","isPartOf":{"@id":"https:\/\/www.pensionschierl.at\/#website"},"datePublished":"2023-02-04T10:35:15+00:00","dateModified":"2023-02-07T11:40:11+00:00","description":"Politique de confidentialit\u00e9 de la Pension Schierl dans le Salzkammergut un bed and breakfast deux chambres simples, dix chambres doubles et cinq chambres partag\u00e9es.","breadcrumb":{"@id":"https:\/\/www.pensionschierl.at\/datenschutzhinweis\/#breadcrumb"},"inLanguage":"fr-FR","potentialAction":[{"@type":"ReadAction","target":["https:\/\/www.pensionschierl.at\/datenschutzhinweis\/"]}]},{"@type":"BreadcrumbList","@id":"https:\/\/www.pensionschierl.at\/datenschutzhinweis\/#breadcrumb","itemListElement":[{"@type":"ListItem","position":1,"name":"Startseite","item":"https:\/\/www.pensionschierl.at\/"},{"@type":"ListItem","position":2,"name":"Datenschutzhinweis"}]},{"@type":"WebSite","@id":"https:\/\/www.pensionschierl.at\/#website","url":"https:\/\/www.pensionschierl.at\/","name":"Pension Schierl dans le Salzkammergut","description":"Vacances \u00e0 Faistenau","publisher":{"@id":"https:\/\/www.pensionschierl.at\/#organization"},"potentialAction":[{"@type":"SearchAction","target":{"@type":"EntryPoint","urlTemplate":"https:\/\/www.pensionschierl.at\/?s={search_term_string}"},"query-input":{"@type":"PropertyValueSpecification","valueRequired":true,"valueName":"search_term_string"}}],"inLanguage":"fr-FR"},{"@type":"Organization","@id":"https:\/\/www.pensionschierl.at\/#organization","name":"Pension Schierl","url":"https:\/\/www.pensionschierl.at\/","logo":{"@type":"ImageObject","inLanguage":"fr-FR","@id":"https:\/\/www.pensionschierl.at\/#\/schema\/logo\/image\/","url":"https:\/\/www.pensionschierl.at\/wp-content\/uploads\/2023\/01\/pension-schierl-logo.png","contentUrl":"https:\/\/www.pensionschierl.at\/wp-content\/uploads\/2023\/01\/pension-schierl-logo.png","width":350,"height":175,"caption":"Pension Schierl"},"image":{"@id":"https:\/\/www.pensionschierl.at\/#\/schema\/logo\/image\/"}}]}},"_links":{"self":[{"href":"https:\/\/www.pensionschierl.at\/fr\/wp-json\/wp\/v2\/pages\/751","targetHints":{"allow":["GET"]}}],"collection":[{"href":"https:\/\/www.pensionschierl.at\/fr\/wp-json\/wp\/v2\/pages"}],"about":[{"href":"https:\/\/www.pensionschierl.at\/fr\/wp-json\/wp\/v2\/types\/page"}],"author":[{"embeddable":true,"href":"https:\/\/www.pensionschierl.at\/fr\/wp-json\/wp\/v2\/users\/1"}],"replies":[{"embeddable":true,"href":"https:\/\/www.pensionschierl.at\/fr\/wp-json\/wp\/v2\/comments?post=751"}],"version-history":[{"count":15,"href":"https:\/\/www.pensionschierl.at\/fr\/wp-json\/wp\/v2\/pages\/751\/revisions"}],"predecessor-version":[{"id":1049,"href":"https:\/\/www.pensionschierl.at\/fr\/wp-json\/wp\/v2\/pages\/751\/revisions\/1049"}],"wp:attachment":[{"href":"https:\/\/www.pensionschierl.at\/fr\/wp-json\/wp\/v2\/media?parent=751"}],"curies":[{"name":"wp","href":"https:\/\/api.w.org\/{rel}","templated":true}]}}