{"id":751,"date":"2023-02-04T11:35:15","date_gmt":"2023-02-04T10:35:15","guid":{"rendered":"https:\/\/host-146-soul.hostname.at\/?page_id=751"},"modified":"2023-02-07T12:40:11","modified_gmt":"2023-02-07T11:40:11","slug":"informativa-sulla-privacy","status":"publish","type":"page","link":"https:\/\/www.pensionschierl.at\/it\/datenschutzhinweis\/","title":{"rendered":"Informativa sulla Privacy"},"content":{"rendered":"<div data-elementor-type=\"wp-page\" data-elementor-id=\"751\" class=\"elementor elementor-751\" data-elementor-post-type=\"page\">\n\t\t\t\t\t\t<section class=\"elementor-section elementor-top-section elementor-element elementor-element-f85132c elementor-section-boxed elementor-section-height-default elementor-section-height-default\" data-id=\"f85132c\" data-element_type=\"section\" data-e-type=\"section\">\n\t\t\t\t\t\t<div class=\"elementor-container elementor-column-gap-default\">\n\t\t\t\t\t<div class=\"elementor-column elementor-col-100 elementor-top-column elementor-element elementor-element-35fd6de\" data-id=\"35fd6de\" data-element_type=\"column\" data-e-type=\"column\">\n\t\t\t<div class=\"elementor-widget-wrap elementor-element-populated\">\n\t\t\t\t\t\t<div class=\"elementor-element elementor-element-5b7bec7 elementor-widget elementor-widget-heading\" data-id=\"5b7bec7\" data-element_type=\"widget\" data-e-type=\"widget\" data-widget_type=\"heading.default\">\n\t\t\t\t<div class=\"elementor-widget-container\">\n\t\t\t\t\t<h1 class=\"elementor-heading-title elementor-size-default\">Informativa sulla Privacy<\/h1>\t\t\t\t<\/div>\n\t\t\t\t<\/div>\n\t\t\t\t\t<\/div>\n\t\t<\/div>\n\t\t\t\t\t<\/div>\n\t\t<\/section>\n\t\t\t\t<section class=\"elementor-section elementor-top-section elementor-element elementor-element-8a8fcb7 elementor-section-stretched elementor-section-boxed elementor-section-height-default elementor-section-height-default\" data-id=\"8a8fcb7\" data-element_type=\"section\" data-e-type=\"section\" data-settings=\"{&quot;stretch_section&quot;:&quot;section-stretched&quot;}\">\n\t\t\t\t\t\t<div class=\"elementor-container elementor-column-gap-default\">\n\t\t\t\t\t<div class=\"elementor-column elementor-col-100 elementor-top-column elementor-element elementor-element-735e0b0\" data-id=\"735e0b0\" data-element_type=\"column\" data-e-type=\"column\">\n\t\t\t<div class=\"elementor-widget-wrap elementor-element-populated\">\n\t\t\t\t\t\t<div class=\"elementor-element elementor-element-8d1bac3 elementor-widget elementor-widget-text-editor\" data-id=\"8d1bac3\" data-element_type=\"widget\" data-e-type=\"widget\" data-widget_type=\"text-editor.default\">\n\t\t\t\t<div class=\"elementor-widget-container\">\n\t\t\t\t\t\t\t\t\t<h2>protezione dati<\/h2><p>Il titolare del presente sito web \u00e8 responsabile del trattamento dei tuoi dati personali. I nostri dati legali aziendali possono essere trovati nel <a href=\"\/it\/impronta\/\">Impronta<\/a>.<\/p><p>Prendiamo molto seriamente la protezione dei tuoi dati personali. Elaboriamo i tuoi dati personali in conformit\u00e0 alle disposizioni di legge in materia di protezione dei dati e alla presente informativa sulla privacy.<\/p><p>In genere \u00e8 possibile utilizzare il nostro sito web senza fornire alcun dato personale. Se sul nostro sito web vengono raccolti dati personali (ad esempio nome, indirizzo o indirizzi e-mail), ci\u00f2 avviene, per quanto possibile, sempre su base volontaria.<\/p><h2>Responsabili del trattamento, destinatari<\/h2><p>Elaboriamo i tuoi dati personali con il supporto di responsabili del trattamento che ci assistono nella fornitura dei servizi (ad esempio, web host, servizi di invio di newsletter via e-mail).<\/p><p>Tali responsabili del trattamento sono tenuti a proteggere rigorosamente i tuoi dati personali e non sono autorizzati a elaborarli per scopi diversi dalla fornitura dei nostri servizi.<\/p><p>I tuoi dati personali saranno trasmessi solo a tipici fornitori di servizi aziendali, quali banche (in caso di bonifici a te indirizzati), consulenti fiscali (se risulti nella nostra contabilit\u00e0), fornitori di servizi di spedizione (in caso di spedizioni a te indirizzate), ecc.<\/p><h2>Modulo di Contatto<\/h2><p>Successivamente all&#039;invio del modulo di contatto, i dati personali da Lei inseriti saranno trattati dal responsabile della protezione dei dati ai fini dell&#039;evasione della Sua richiesta sulla base del consenso espresso con l&#039;invio del modulo.<\/p><p>Non esiste alcun obbligo legale o contrattuale di fornire i dati personali. La mancata comunicazione delle tue informazioni comporter\u00e0 semplicemente l&#039;impossibilit\u00e0 di inoltrare la tua richiesta e noi non potremo elaborarla.<\/p><p>Lei ha il diritto di revocare il consenso in qualsiasi momento mediante comunicazione scritta, senza che ci\u00f2 pregiudichi la liceit\u00e0 del trattamento basata sul consenso prima della revoca.<\/p><h2>Notiziario via e-mail<\/h2><p>Selezionando la casella di controllo acconsenti al trattamento dei dati personali da te immessi allo scopo di informarti sulle nostre offerte attuali tramite una newsletter via e-mail da parte del responsabile della protezione dei dati, fino alla revoca del consenso o all&#039;opposizione.<\/p><p>Non vi \u00e8 alcun obbligo legale o contrattuale di fornire i dati personali. L&#039;unica conseguenza del mancato consenso \u00e8 che non riceverai una newsletter via e-mail.<\/p><p>Lei ha il diritto di revocare il consenso in qualsiasi momento mediante comunicazione scritta o cliccando sul link di annullamento dell&#039;iscrizione presente nella newsletter via e-mail, senza che ci\u00f2 pregiudichi la liceit\u00e0 del trattamento effettuato sulla base del consenso prima della revoca.<\/p><p>Allo stesso modo, puoi opporti all&#039;uso dei tuoi dati personali per finalit\u00e0 di marketing diretto. In caso di opposizione, i tuoi dati personali non saranno pi\u00f9 trattati per finalit\u00e0 di marketing diretto sotto forma di newsletter via e-mail.<\/p><h2>biscotti<\/h2><p>Questo sito utilizza i cookie.<\/p><p>I cookie rendono i siti web pi\u00f9 efficienti e intuitivi per gli utenti. Un cookie \u00e8 un piccolo file di testo utilizzato per memorizzare informazioni. Quando si visita un sito web, \u00e8 possibile che il sito installi un cookie sul computer del visitatore. Se l&#039;utente visita nuovamente il sito web in un secondo momento, il sito web pu\u00f2 leggere i dati del cookie precedentemente memorizzato e quindi determinare, ad esempio, se l&#039;utente ha gi\u00e0 visitato il sito web in precedenza e a quali aree del sito web era particolarmente interessato.<\/p><p>Puoi trovare maggiori informazioni sui cookie su <a href=\"https:\/\/de.wikipedia.org\/wiki\/HTTP-Cookie\" target=\"_blank\" rel=\"noopener\">WIKIPEDIA<\/a>.<\/p><h4>Modifica le impostazioni dei cookie<\/h4><p>L&#039;utente pu\u00f2 specificare nelle impostazioni del browser web come il browser web gestisce i cookie e quali cookie accettare o rifiutare. La posizione esatta di queste impostazioni varia a seconda del browser web utilizzato. Informazioni pi\u00f9 dettagliate sono reperibili nella funzione di aiuto del rispettivo browser web.<\/p><p>Se l&#039;uso dei cookie viene limitato, non tutte le funzioni di questo sito web potrebbero essere pienamente utilizzabili.<\/p><h4>Cookie sul nostro sito web<\/h4><p>Il nostro sito Web utilizza i seguenti fornitori:<\/p><ul><li><strong>Il nostro sito:<\/strong> Utilizzato per memorizzare il consenso all&#039;uso dei cookie.<\/li><li><strong>Google:<\/strong> Utilizzato per memorizzare i dati dell&#039;utente in relazione al software di statistiche del sito Web Google Analytics di Google. Per ulteriori informazioni, contattare <a href=\"https:\/\/www.google.com\/intl\/de\/analytics\/\" target=\"_blank\" rel=\"noopener\">statistiche di Google<\/a>.<\/li><li><strong>Facebook:<\/strong> Utilizzato per memorizzare i dati dell&#039;utente in connessione con il pixel di Facebook. Per ulteriori informazioni, contattare <a href=\"https:\/\/developers.facebook.com\/docs\/plugins?locale=de_DE\" target=\"_blank\" rel=\"noopener\">Sviluppatore Facebook<\/a> cos\u00ec come con il <a href=\"https:\/\/www.facebook.com\/policies\/cookies\/\" target=\"_blank\" rel=\"noopener\">Avvisi sui cookie di Facebook<\/a>.<\/li><li><strong>Hotjar:<\/strong> Utilizzato per memorizzare i dati dell&#039;utente relativi a Hotjar. Per ulteriori informazioni, vedere il <a href=\"https:\/\/www.hotjar.com\/cookies\" target=\"_blank\" rel=\"noopener\">Informazioni sui cookie Hotjar<\/a>.<\/li><\/ul><h2>File di registro del server<\/h2><p>Ai fini del monitoraggio della funzionalit\u00e0 tecnica e dell&#039;aumento dell&#039;affidabilit\u00e0 operativa del server web, questo sito web elabora i seguenti dati personali in un file di registro del server sulla base dell&#039;interesse legittimo prevalente del titolare del trattamento (misure di sicurezza tecnica):<\/p><ul><li>l&#039;indirizzo IP<\/li><li>la pagina da cui \u00e8 stato richiesto il file (il cosiddetto referrer URL)<\/li><li>il nome del file<\/li><li>la data e l\u2019ora della richiesta (c.d. \u201ctimestamp\u201d)<\/li><li>la quantit\u00e0 di dati trasferiti<\/li><li>lo stato di accesso (file trasferito, file non trovato, ecc.)<\/li><li>una descrizione del tipo di programma di visualizzazione Internet utilizzato (browser web, abbreviato in &quot;browser&quot;; ad esempio Mozilla Firefox, Google Chrome, Microsoft Internet Explorer, Microsoft Edge, Apple Safari, Opera, ecc.)<\/li><\/ul><h2>statistiche di Google<\/h2><p>Questo sito web utilizza Google Analytics, un servizio di analisi web fornito da Google Ireland Limited, Gordon House, Barrow Street, Dublino 4, Irlanda (&quot;Google&quot;) sulla base giuridica del legittimo interesse (analisi dell&#039;utilizzo del sito web). Abbiamo stipulato un contratto con Google per l&#039;elaborazione dei dati degli ordini.<\/p><p>Quando visitate il nostro sito web, viene stabilita tramite software una connessione ai server di Google e i dati vengono trasmessi ai server di Google, alcuni dei quali si trovano negli USA. Google Analytics utilizza inoltre i cookie per memorizzare informazioni sull&#039;utente del sito web e per analizzare come quest&#039;ultimo utilizza il sito web.<\/p><p>Questo sito web utilizza la funzione \u201cAttivazione dell\u2019anonimizzazione IP\u201d. Di conseguenza, il tuo indirizzo IP verr\u00e0 abbreviato da Google all&#039;interno degli stati membri dell&#039;Unione Europea o in altri stati contraenti dell&#039;accordo sullo Spazio economico europeo. Solo in casi eccezionali l&#039;indirizzo IP completo verr\u00e0 trasmesso a un server di Google negli USA e l\u00ec abbreviato.<\/p><p>Secondo Google, Google utilizzer\u00e0 i dati raccolti per valutare l&#039;utilizzo del sito web, compilare report sulle attivit\u00e0 del sito web e fornire altri servizi relativi alle attivit\u00e0 del sito web e all&#039;utilizzo di Internet.<\/p><p>Google potr\u00e0 anche trasferire queste informazioni a terzi ove ci\u00f2 sia imposto dalla legge o laddove tali terzi trattino le suddette informazioni per conto di Google.<\/p><p>Informazioni dettagliate su come Google Analytics gestisce i dati degli utenti sono disponibili nell&#039;informativa sulla privacy di <a href=\"https:\/\/www.google.com\/intl\/de\/policies\/privacy\/\" target=\"_blank\" rel=\"noopener\">Google<\/a> o da <a href=\"https:\/\/support.google.com\/analytics\/answer\/6004245?hl=de\" target=\"_blank\" rel=\"noopener\">statistiche di Google<\/a>.<\/p><h4>Remarketing di Google Analytics<\/h4><p>I nostri siti web utilizzano le funzioni di Google Analytics Remarketing insieme alle funzioni cross-device di Google AdWords e Google DoubleClick. Il fornitore \u00e8 Google Ireland Limited, Gordon House, Barrow Street, Dublino 4, Irlanda.<\/p><p>Questa funzionalit\u00e0 consente di collegare i segmenti di pubblico pubblicitari creati con Google Analytics Remarketing con le funzionalit\u00e0 cross-device di Google AdWords e Google DoubleClick. In questo modo, i messaggi pubblicitari personalizzati e basati sui tuoi interessi, che sono stati adattati a te in base al tuo precedente utilizzo e comportamento di navigazione su un dispositivo (ad esempio telefono cellulare), possono essere visualizzati anche su un altro dispositivo (ad esempio tablet o PC).<\/p><p>Se hai dato il tuo consenso, Google collegher\u00e0 la cronologia della tua navigazione web e delle tue app al tuo Account Google per questo scopo. In questo modo, gli stessi messaggi pubblicitari personalizzati possono essere visualizzati su ogni dispositivo su cui accedi con il tuo account Google.<\/p><p>Per supportare questa funzionalit\u00e0, Google Analytics raccoglie gli ID utente autenticati da Google, che vengono temporaneamente collegati ai nostri dati di Google Analytics per definire e creare segmenti di pubblico per la distribuzione degli annunci su pi\u00f9 dispositivi.<\/p><p>Puoi disattivare in modo permanente il remarketing\/targeting cross-device disattivando la pubblicit\u00e0 personalizzata nel tuo Account Google; Per fare questo, segui <a href=\"https:\/\/www.google.com\/settings\/ads\/onweb\/\" target=\"_blank\" rel=\"noopener\">questo link<\/a>.<\/p><p>I dati raccolti vengono riepilogati nel tuo Account Google esclusivamente sulla base del tuo consenso, che puoi dare o revocare a Google (art. 6 (1) (a) GDPR). Per i processi di raccolta dati che non vengono accorpati al tuo account Google (ad esempio perch\u00e9 non hai un account Google o ti sei opposto all&#039;accorpamento), la raccolta dei dati si basa sull&#039;art. 6 (1) (f) GDPR. L&#039;interesse legittimo deriva dal fatto che il gestore del sito web ha interesse all&#039;analisi anonima dei visitatori del sito web a fini pubblicitari.<\/p><p>Ulteriori informazioni e le norme sulla protezione dei dati sono disponibili nella <a href=\"https:\/\/www.google.com\/policies\/technologies\/ads\/\" target=\"_blank\" rel=\"noopener\">Informativa sulla privacy di Google<\/a>.<\/p><h4>Disattiva Google Analytics<\/h4><ul><li>Puoi impedire la raccolta dei tuoi dati utente <strong>sul nostro sito Web in generale<\/strong> impostando \u201cDo Not Track\u201d nel tuo browser web. Il nostro sito web rispetta il segnale &quot;Do Not Track&quot; che il tuo browser web invia a tutti i siti web.<\/li><li>In genere, puoi impedire a Google Analytics di raccogliere i tuoi dati utente <strong>su tutti i siti<\/strong> scaricando e installando il plug-in del browser disponibile al seguente link: <a href=\"https:\/\/tools.google.com\/dlpage\/gaoptout?hl=de\" target=\"_blank\" rel=\"noopener\">Scarica l&#039;estensione del browser<\/a>.<\/li><li>Puoi impedire a Google Analytics di raccogliere i tuoi dati utente <strong>solo su questo sito<\/strong> impedirlo cliccando sul seguente link. Verr\u00e0 impostato un cookie di opt-out per impedire che i tuoi dati vengano raccolti durante le future visite a questo sito web: <a>Disattiva Google Analytics<\/a>.<\/li><\/ul><h2>Pulsanti \u201cCondividi\u201d<\/h2><p>Il nostro sito web presenta in alcune pagine dei pulsanti per condividere i contenuti delle pagine sulle piattaforme dei social media Facebook, Google Plus, Instagram, Linkedin, Pinterest, Tumblr, Twitter, XING e YouTube.<\/p><p>I pulsanti sono idealmente progettati per proteggere i dati personali dei visitatori del nostro sito Web, poich\u00e9 lo script (programma per computer) dietro i pulsanti <strong>nessun dato personale<\/strong> registrati o elaborati. <a href=\"https:\/\/www.heise.de\/ct\/artikel\/Shariff-Social-Media-Buttons-mit-Datenschutz-2467514.html\" target=\"_blank\" rel=\"noopener\">Informazione accurata<\/a> Heise Verlag, editore della rivista informatica c&#039;t e sviluppatore dei pulsanti, fornisce informazioni sulla funzione dei pulsanti.<\/p><p>I visitatori del sito web che desiderano condividere la nostra pagina verranno reindirizzati direttamente alle pagine &quot;Condividi&quot; delle rispettive piattaforme di social media quando cliccano sui pulsanti. Sono caricati solo gli script necessari per condividere il contenuto della pagina. Valgono quindi le condizioni commerciali e di protezione dei dati concordate tra il visitatore del sito web e le rispettive piattaforme di social media. Informazioni dettagliate sono disponibili sulle rispettive piattaforme <a href=\"https:\/\/www.facebook.com\/policy.php\" target=\"_blank\" rel=\"noopener\">Facebook<\/a>, <a href=\"https:\/\/www.google.com\/intl\/de\/policies\/privacy\/\" target=\"_blank\" rel=\"noopener\">Google Plus<\/a>, <a href=\"http:\/\/instagram.com\/about\/legal\/privacy\/\" target=\"_blank\" rel=\"noopener\">Instagram<\/a>, <a href=\"https:\/\/www.linkedin.com\/legal\/privacy-policy\" target=\"_blank\" rel=\"noopener\">linkedin<\/a>, <a href=\"https:\/\/about.pinterest.com\/de\/privacy-policy\" target=\"_blank\" rel=\"noopener\">Pinterest<\/a>, <a href=\"https:\/\/www.tumblr.com\/privacy\/de\" target=\"_blank\" rel=\"noopener\">tumblr<\/a>, <a href=\"https:\/\/twitter.com\/de\/privacy\" target=\"_blank\" rel=\"noopener\">Cinguettio<\/a>, <a href=\"https:\/\/www.xing.com\/privacy\" target=\"_blank\" rel=\"noopener\">XING<\/a> E <a href=\"https:\/\/www.google.de\/intl\/de\/policies\/privacy\" target=\"_blank\" rel=\"noopener\">Youtube<\/a>.<\/p><h2>I tuoi diritti<\/h2><p>Hai diritto all&#039;informazione, alla rettifica, alla cancellazione e alla limitazione del trattamento dei dati personali.<\/p><p>Se la base giuridica del trattamento dei tuoi dati personali \u00e8 il tuo consenso o un contratto stipulato con te, hai anche il diritto alla portabilit\u00e0 dei dati.<\/p><p>Hai il diritto di revocare qualsiasi consenso prestato al trattamento dei tuoi dati personali. La revoca non pregiudica la liceit\u00e0 del trattamento dei dati personali effettuato fino al momento della revoca.<\/p><p>Hai il diritto di opporti al trattamento dei tuoi dati personali per finalit\u00e0 di marketing diretto. In caso di opposizione, i tuoi dati personali non saranno pi\u00f9 trattati ai fini della pubblicit\u00e0 diretta.<\/p><p>Inoltre, hai il diritto di presentare un reclamo all&#039;autorit\u00e0 di controllo (Autorit\u00e0 austriaca per la protezione dei dati personali, Wickenburggasse 8, 1080 Vienna, dsb@dsb.gv.at).<\/p>\t\t\t\t\t\t\t\t<\/div>\n\t\t\t\t<\/div>\n\t\t\t\t\t<\/div>\n\t\t<\/div>\n\t\t\t\t\t<\/div>\n\t\t<\/section>\n\t\t\t\t<\/div>","protected":false},"excerpt":{"rendered":"<p>Datenschutzhinweis Datenschutz Verantwortlich f\u00fcr die Verarbeitung Ihrer personenbezogenen Daten ist der Inhaber dieser Website. Unsere rechtsm\u00e4\u00dfigen Gesch\u00e4ftsdaten finden Sie im Impressum. Wir nehmen den Schutz Ihrer pers\u00f6nenbezogenen Daten sehr ernst. Wir verarbeiten Ihre personenbezogenen Daten entsprechend der gesetzlichen Datenschutzvorschriften sowie dieser Datenschutzerkl\u00e4rung. Die Nutzung unserer Webseite ist in der Regel ohne Angabe personenbezogener Daten m\u00f6glich. [&hellip;]<\/p>\n","protected":false},"author":1,"featured_media":0,"parent":0,"menu_order":0,"comment_status":"closed","ping_status":"closed","template":"","meta":{"site-sidebar-layout":"no-sidebar","site-content-layout":"page-builder","ast-site-content-layout":"default","site-content-style":"default","site-sidebar-style":"default","ast-global-header-display":"","ast-banner-title-visibility":"","ast-main-header-display":"","ast-hfb-above-header-display":"","ast-hfb-below-header-display":"","ast-hfb-mobile-header-display":"","site-post-title":"disabled","ast-breadcrumbs-content":"","ast-featured-img":"disabled","footer-sml-layout":"","ast-disable-related-posts":"","theme-transparent-header-meta":"default","adv-header-id-meta":"","stick-header-meta":"","header-above-stick-meta":"","header-main-stick-meta":"","header-below-stick-meta":"","astra-migrate-meta-layouts":"default","ast-page-background-enabled":"default","ast-page-background-meta":{"desktop":{"background-color":"var(--ast-global-color-4)","background-image":"","background-repeat":"repeat","background-position":"center center","background-size":"auto","background-attachment":"scroll","background-type":"","background-media":"","overlay-type":"","overlay-color":"","overlay-opacity":"","overlay-gradient":""},"tablet":{"background-color":"","background-image":"","background-repeat":"repeat","background-position":"center center","background-size":"auto","background-attachment":"scroll","background-type":"","background-media":"","overlay-type":"","overlay-color":"","overlay-opacity":"","overlay-gradient":""},"mobile":{"background-color":"","background-image":"","background-repeat":"repeat","background-position":"center center","background-size":"auto","background-attachment":"scroll","background-type":"","background-media":"","overlay-type":"","overlay-color":"","overlay-opacity":"","overlay-gradient":""}},"ast-content-background-meta":{"desktop":{"background-color":"var(--ast-global-color-5)","background-image":"","background-repeat":"repeat","background-position":"center center","background-size":"auto","background-attachment":"scroll","background-type":"","background-media":"","overlay-type":"","overlay-color":"","overlay-opacity":"","overlay-gradient":""},"tablet":{"background-color":"var(--ast-global-color-5)","background-image":"","background-repeat":"repeat","background-position":"center center","background-size":"auto","background-attachment":"scroll","background-type":"","background-media":"","overlay-type":"","overlay-color":"","overlay-opacity":"","overlay-gradient":""},"mobile":{"background-color":"var(--ast-global-color-5)","background-image":"","background-repeat":"repeat","background-position":"center center","background-size":"auto","background-attachment":"scroll","background-type":"","background-media":"","overlay-type":"","overlay-color":"","overlay-opacity":"","overlay-gradient":""}},"footnotes":""},"class_list":["post-751","page","type-page","status-publish","hentry"],"yoast_head":"<!-- This site is optimized with the Yoast SEO plugin v27.4 - https:\/\/yoast.com\/product\/yoast-seo-wordpress\/ -->\n<title>Datenschutzhinweis - Pension Schierl im Salzkammergut<\/title>\n<meta name=\"description\" content=\"Datenschutzhinweis der Pension Schierl im Salzkammergut eine Fr\u00fchst\u00fcckspension zwei Einzelzimmer, zehn Doppelzimmer und f\u00fcnf Mehrbettzimmer.\" \/>\n<meta name=\"robots\" content=\"index, follow, max-snippet:-1, max-image-preview:large, max-video-preview:-1\" \/>\n<link rel=\"canonical\" href=\"https:\/\/www.pensionschierl.at\/it\/informativa-sulla-privacy\/\" \/>\n<meta property=\"og:locale\" content=\"it_IT\" \/>\n<meta property=\"og:type\" content=\"article\" \/>\n<meta property=\"og:title\" content=\"Datenschutzhinweis - Pension Schierl im Salzkammergut\" \/>\n<meta property=\"og:description\" content=\"Datenschutzhinweis der Pension Schierl im Salzkammergut eine Fr\u00fchst\u00fcckspension zwei Einzelzimmer, zehn Doppelzimmer und f\u00fcnf Mehrbettzimmer.\" \/>\n<meta property=\"og:url\" content=\"https:\/\/www.pensionschierl.at\/it\/informativa-sulla-privacy\/\" \/>\n<meta property=\"og:site_name\" content=\"Pension Schierl im Salzkammergut\" \/>\n<meta property=\"article:modified_time\" content=\"2023-02-07T11:40:11+00:00\" \/>\n<meta name=\"twitter:card\" content=\"summary_large_image\" \/>\n<meta name=\"twitter:label1\" content=\"Tempo di lettura stimato\" \/>\n\t<meta name=\"twitter:data1\" content=\"9 minuti\" \/>\n<script type=\"application\/ld+json\" class=\"yoast-schema-graph\">{\"@context\":\"https:\\\/\\\/schema.org\",\"@graph\":[{\"@type\":\"WebPage\",\"@id\":\"https:\\\/\\\/www.pensionschierl.at\\\/datenschutzhinweis\\\/\",\"url\":\"https:\\\/\\\/www.pensionschierl.at\\\/datenschutzhinweis\\\/\",\"name\":\"Datenschutzhinweis - Pension Schierl im Salzkammergut\",\"isPartOf\":{\"@id\":\"https:\\\/\\\/www.pensionschierl.at\\\/#website\"},\"datePublished\":\"2023-02-04T10:35:15+00:00\",\"dateModified\":\"2023-02-07T11:40:11+00:00\",\"description\":\"Datenschutzhinweis der Pension Schierl im Salzkammergut eine Fr\u00fchst\u00fcckspension zwei Einzelzimmer, zehn Doppelzimmer und f\u00fcnf Mehrbettzimmer.\",\"breadcrumb\":{\"@id\":\"https:\\\/\\\/www.pensionschierl.at\\\/datenschutzhinweis\\\/#breadcrumb\"},\"inLanguage\":\"it-IT\",\"potentialAction\":[{\"@type\":\"ReadAction\",\"target\":[\"https:\\\/\\\/www.pensionschierl.at\\\/datenschutzhinweis\\\/\"]}]},{\"@type\":\"BreadcrumbList\",\"@id\":\"https:\\\/\\\/www.pensionschierl.at\\\/datenschutzhinweis\\\/#breadcrumb\",\"itemListElement\":[{\"@type\":\"ListItem\",\"position\":1,\"name\":\"Startseite\",\"item\":\"https:\\\/\\\/www.pensionschierl.at\\\/\"},{\"@type\":\"ListItem\",\"position\":2,\"name\":\"Datenschutzhinweis\"}]},{\"@type\":\"WebSite\",\"@id\":\"https:\\\/\\\/www.pensionschierl.at\\\/#website\",\"url\":\"https:\\\/\\\/www.pensionschierl.at\\\/\",\"name\":\"Pension Schierl im Salzkammergut\",\"description\":\"Urlaub in Faistenau\",\"publisher\":{\"@id\":\"https:\\\/\\\/www.pensionschierl.at\\\/#organization\"},\"potentialAction\":[{\"@type\":\"SearchAction\",\"target\":{\"@type\":\"EntryPoint\",\"urlTemplate\":\"https:\\\/\\\/www.pensionschierl.at\\\/?s={search_term_string}\"},\"query-input\":{\"@type\":\"PropertyValueSpecification\",\"valueRequired\":true,\"valueName\":\"search_term_string\"}}],\"inLanguage\":\"it-IT\"},{\"@type\":\"Organization\",\"@id\":\"https:\\\/\\\/www.pensionschierl.at\\\/#organization\",\"name\":\"Pension Schierl\",\"url\":\"https:\\\/\\\/www.pensionschierl.at\\\/\",\"logo\":{\"@type\":\"ImageObject\",\"inLanguage\":\"it-IT\",\"@id\":\"https:\\\/\\\/www.pensionschierl.at\\\/#\\\/schema\\\/logo\\\/image\\\/\",\"url\":\"https:\\\/\\\/www.pensionschierl.at\\\/wp-content\\\/uploads\\\/2023\\\/01\\\/pension-schierl-logo.png\",\"contentUrl\":\"https:\\\/\\\/www.pensionschierl.at\\\/wp-content\\\/uploads\\\/2023\\\/01\\\/pension-schierl-logo.png\",\"width\":350,\"height\":175,\"caption\":\"Pension Schierl\"},\"image\":{\"@id\":\"https:\\\/\\\/www.pensionschierl.at\\\/#\\\/schema\\\/logo\\\/image\\\/\"}}]}<\/script>\n<!-- \/ Yoast SEO plugin. -->","yoast_head_json":{"title":"Avviso sulla protezione dei dati - Pensione Schierl nel Salzkammergut","description":"Informativa sulla privacy della pensione Schierl nel Salzkammergut un bed and breakfast due camere singole, dieci camere doppie e cinque camere condivise.","robots":{"index":"index","follow":"follow","max-snippet":"max-snippet:-1","max-image-preview":"max-image-preview:large","max-video-preview":"max-video-preview:-1"},"canonical":"https:\/\/www.pensionschierl.at\/it\/informativa-sulla-privacy\/","og_locale":"it_IT","og_type":"article","og_title":"Datenschutzhinweis - Pension Schierl im Salzkammergut","og_description":"Datenschutzhinweis der Pension Schierl im Salzkammergut eine Fr\u00fchst\u00fcckspension zwei Einzelzimmer, zehn Doppelzimmer und f\u00fcnf Mehrbettzimmer.","og_url":"https:\/\/www.pensionschierl.at\/it\/informativa-sulla-privacy\/","og_site_name":"Pension Schierl im Salzkammergut","article_modified_time":"2023-02-07T11:40:11+00:00","twitter_card":"summary_large_image","twitter_misc":{"Tempo di lettura stimato":"9 minuti"},"schema":{"@context":"https:\/\/schema.org","@graph":[{"@type":"WebPage","@id":"https:\/\/www.pensionschierl.at\/datenschutzhinweis\/","url":"https:\/\/www.pensionschierl.at\/datenschutzhinweis\/","name":"Avviso sulla protezione dei dati - Pensione Schierl nel Salzkammergut","isPartOf":{"@id":"https:\/\/www.pensionschierl.at\/#website"},"datePublished":"2023-02-04T10:35:15+00:00","dateModified":"2023-02-07T11:40:11+00:00","description":"Informativa sulla privacy della pensione Schierl nel Salzkammergut un bed and breakfast due camere singole, dieci camere doppie e cinque camere condivise.","breadcrumb":{"@id":"https:\/\/www.pensionschierl.at\/datenschutzhinweis\/#breadcrumb"},"inLanguage":"it-IT","potentialAction":[{"@type":"ReadAction","target":["https:\/\/www.pensionschierl.at\/datenschutzhinweis\/"]}]},{"@type":"BreadcrumbList","@id":"https:\/\/www.pensionschierl.at\/datenschutzhinweis\/#breadcrumb","itemListElement":[{"@type":"ListItem","position":1,"name":"Startseite","item":"https:\/\/www.pensionschierl.at\/"},{"@type":"ListItem","position":2,"name":"Datenschutzhinweis"}]},{"@type":"WebSite","@id":"https:\/\/www.pensionschierl.at\/#website","url":"https:\/\/www.pensionschierl.at\/","name":"Pensione Schierl nel Salzkammergut","description":"Vacanze a Faistenau","publisher":{"@id":"https:\/\/www.pensionschierl.at\/#organization"},"potentialAction":[{"@type":"SearchAction","target":{"@type":"EntryPoint","urlTemplate":"https:\/\/www.pensionschierl.at\/?s={search_term_string}"},"query-input":{"@type":"PropertyValueSpecification","valueRequired":true,"valueName":"search_term_string"}}],"inLanguage":"it-IT"},{"@type":"Organization","@id":"https:\/\/www.pensionschierl.at\/#organization","name":"Pensione Schierl","url":"https:\/\/www.pensionschierl.at\/","logo":{"@type":"ImageObject","inLanguage":"it-IT","@id":"https:\/\/www.pensionschierl.at\/#\/schema\/logo\/image\/","url":"https:\/\/www.pensionschierl.at\/wp-content\/uploads\/2023\/01\/pension-schierl-logo.png","contentUrl":"https:\/\/www.pensionschierl.at\/wp-content\/uploads\/2023\/01\/pension-schierl-logo.png","width":350,"height":175,"caption":"Pension Schierl"},"image":{"@id":"https:\/\/www.pensionschierl.at\/#\/schema\/logo\/image\/"}}]}},"_links":{"self":[{"href":"https:\/\/www.pensionschierl.at\/it\/wp-json\/wp\/v2\/pages\/751","targetHints":{"allow":["GET"]}}],"collection":[{"href":"https:\/\/www.pensionschierl.at\/it\/wp-json\/wp\/v2\/pages"}],"about":[{"href":"https:\/\/www.pensionschierl.at\/it\/wp-json\/wp\/v2\/types\/page"}],"author":[{"embeddable":true,"href":"https:\/\/www.pensionschierl.at\/it\/wp-json\/wp\/v2\/users\/1"}],"replies":[{"embeddable":true,"href":"https:\/\/www.pensionschierl.at\/it\/wp-json\/wp\/v2\/comments?post=751"}],"version-history":[{"count":15,"href":"https:\/\/www.pensionschierl.at\/it\/wp-json\/wp\/v2\/pages\/751\/revisions"}],"predecessor-version":[{"id":1049,"href":"https:\/\/www.pensionschierl.at\/it\/wp-json\/wp\/v2\/pages\/751\/revisions\/1049"}],"wp:attachment":[{"href":"https:\/\/www.pensionschierl.at\/it\/wp-json\/wp\/v2\/media?parent=751"}],"curies":[{"name":"wp","href":"https:\/\/api.w.org\/{rel}","templated":true}]}}